{"id":6048,"date":"2023-06-19T09:50:05","date_gmt":"2023-06-19T07:50:05","guid":{"rendered":"https:\/\/www.korbwerk.de\/mentions-legales-2\/"},"modified":"2024-10-09T10:01:54","modified_gmt":"2024-10-09T08:01:54","slug":"mentions-legales","status":"publish","type":"page","link":"https:\/\/www.korbwerk.de\/fr\/mentions-legales\/","title":{"rendered":"Mentions l\u00e9gales"},"content":{"rendered":"<div class=\"fusion-fullwidth fullwidth-box fusion-builder-row-1 fusion-flex-container nonhundred-percent-fullwidth non-hundred-percent-height-scrolling\" style=\"--awb-border-radius-top-left:0px;--awb-border-radius-top-right:0px;--awb-border-radius-bottom-right:0px;--awb-border-radius-bottom-left:0px;--awb-flex-wrap:wrap;\" ><div class=\"fusion-builder-row fusion-row fusion-flex-align-items-flex-start fusion-flex-content-wrap\" style=\"max-width:1320.8px;margin-left: calc(-4% \/ 2 );margin-right: calc(-4% \/ 2 );\"><div class=\"fusion-layout-column fusion_builder_column fusion-builder-column-0 fusion_builder_column_1_2 1_2 fusion-flex-column\" style=\"--awb-bg-size:cover;--awb-width-large:50%;--awb-margin-top-large:25px;--awb-spacing-right-large:3.84%;--awb-margin-bottom-large:25px;--awb-spacing-left-large:3.84%;--awb-width-medium:100%;--awb-order-medium:0;--awb-spacing-right-medium:1.92%;--awb-spacing-left-medium:1.92%;--awb-width-small:100%;--awb-order-small:0;--awb-spacing-right-small:1.92%;--awb-spacing-left-small:1.92%;\"><div class=\"fusion-column-wrapper fusion-column-has-shadow fusion-flex-justify-content-flex-start fusion-content-layout-column\"><div class=\"fusion-text fusion-text-1\"><p><strong><span style=\"color: var(--awb-text-color); font-family: var(--awb-text-font-family); font-size: var(--awb-font-size); font-style: var(--awb-text-font-style); letter-spacing: var(--awb-letter-spacing); text-align: var(--awb-content-alignment); text-transform: var(--awb-text-transform); background-color: var(--awb-bg-color-hover);\">Associ\u00e9 commandit\u00e9 <\/span><\/strong><span style=\"color: var(--awb-text-color); font-family: var(--awb-text-font-family); font-size: var(--awb-font-size); font-style: var(--awb-text-font-style); letter-spacing: var(--awb-letter-spacing); text-align: var(--awb-content-alignment); text-transform: var(--awb-text-transform); background-color: var(--awb-bg-color-hover);\"><strong>MPB GmbH<\/strong><br \/>\n<\/span>Chausseestrasse 18a<br \/>\n17495 Z\u00fcssow<br \/>\nRegistre du commerce : HRB 21920<br \/>\nTribunal d&rsquo;enregistrement : Tribunal d&rsquo;instance de Stralsund<\/p>\n<p><strong>Repr\u00e9sent\u00e9 par :<\/strong><br \/>\nKorbwaren 1925 Usedom GmbH &amp; Co. KG<br \/>\nStrand- und Terrassenk\u00f6rbe<br \/>\nChausseestra\u00dfe 18a<br \/>\n17495 Z\u00fcssow \u00cele d&rsquo;Usedom<br \/>\nAllemagne<\/p>\n<p>Cette soci\u00e9t\u00e9 est repr\u00e9sent\u00e9e par :<br \/>\nG\u00e9rants : Manfred Pohl et Josefine Pohl<\/p>\n<p>Responsable du contenu des photos et des textes et V.i.S.d.P. :<br \/>\nDirk Mund<\/p>\n<\/div><\/div><\/div><div class=\"fusion-layout-column fusion_builder_column fusion-builder-column-1 fusion_builder_column_1_2 1_2 fusion-flex-column\" style=\"--awb-bg-size:cover;--awb-width-large:50%;--awb-margin-top-large:25px;--awb-spacing-right-large:3.84%;--awb-margin-bottom-large:25px;--awb-spacing-left-large:3.84%;--awb-width-medium:100%;--awb-order-medium:0;--awb-spacing-right-medium:1.92%;--awb-spacing-left-medium:1.92%;--awb-width-small:100%;--awb-order-small:0;--awb-spacing-right-small:1.92%;--awb-spacing-left-small:1.92%;\"><div class=\"fusion-column-wrapper fusion-column-has-shadow fusion-flex-justify-content-flex-start fusion-content-layout-column\"><div class=\"fusion-text fusion-text-2\"><h2 class=\"fusion-responsive-typography-calculated\" style=\"--fontsize: 24; line-height: 1.26;\" data-fontsize=\"24\" data-lineheight=\"30.24px\"><img decoding=\"async\" class=\"alignright wp-image-4687\" src=\"https:\/\/www.korbwerk.de\/wp-content\/uploads\/2021\/03\/erecht24-grau-impressum-klein.png\" alt=\"Mentions l\u00e9gales\" width=\"190\" height=\"66\" srcset=\"https:\/\/www.korbwerk.de\/wp-content\/uploads\/2021\/03\/erecht24-grau-impressum-klein-200x70.png 200w, https:\/\/www.korbwerk.de\/wp-content\/uploads\/2021\/03\/erecht24-grau-impressum-klein.png 230w\" sizes=\"(max-width: 190px) 100vw, 190px\" \/>Contact<\/h2>\n<p><strong>Magasin d&rsquo;usine\/site de production<\/strong><br \/>\nAn den Kaveln 2<br \/>\n17459 \u00dcckeritz<\/p>\n<p>49 (0)38375 242392<br \/>\nE-mail : <a href=\"mailto:info@korbwerk.de\">info@korbwerk.de<\/a><\/p>\n<h2 class=\"fusion-responsive-typography-calculated\" style=\"--fontsize: 24; line-height: 1.26;\" data-fontsize=\"24\" data-lineheight=\"30.24px\">Num\u00e9ro d&rsquo;identification de la taxe sur le chiffre d&rsquo;affaires<\/h2>\n<p>Num\u00e9ro d&rsquo;identification de la taxe sur le chiffre d&rsquo;affaires conform\u00e9ment au \u00a7 27 a de la loi sur la taxe sur le chiffre d&rsquo;affaires :<br \/>\nDE<\/p>\n<h2 class=\"fusion-responsive-typography-calculated\" style=\"--fontsize: 24; line-height: 1.26;\" data-fontsize=\"24\" data-lineheight=\"30.24px\">Coordonn\u00e9es bancaires :<\/h2>\n<p>Volksbank Vorpommern eG<br \/>\nIBAN : DE88 1309 1054 0001 5759 29<br \/>\nBIC : GENODEF1WOG<\/p>\n<p>Nos <a href=\"https:\/\/www.korbwerk.de\/fr\/conditions-generales-de-vente\/\">conditions g\u00e9n\u00e9rales de vente<\/a> s&rsquo;appliquent<\/p>\n<\/div><\/div><\/div><div class=\"fusion-layout-column fusion_builder_column fusion-builder-column-2 fusion_builder_column_1_1 1_1 fusion-flex-column\" style=\"--awb-bg-size:cover;--awb-width-large:100%;--awb-margin-top-large:25px;--awb-spacing-right-large:1.92%;--awb-margin-bottom-large:25px;--awb-spacing-left-large:1.92%;--awb-width-medium:100%;--awb-order-medium:0;--awb-spacing-right-medium:1.92%;--awb-spacing-left-medium:1.92%;--awb-width-small:100%;--awb-order-small:0;--awb-spacing-right-small:1.92%;--awb-spacing-left-small:1.92%;\"><div class=\"fusion-column-wrapper fusion-column-has-shadow fusion-flex-justify-content-flex-start fusion-content-layout-column\"><div class=\"fusion-text fusion-text-3\"><h2>R\u00e9alisation<\/h2>\n<p><a href=\"https:\/\/markenmerken.de\/\" target=\"_blank\" rel=\"noopener\">MarkenMerken<\/a><\/p>\n<h2>R\u00e8glement des litiges de l&rsquo;UE<\/h2>\n<p>La Commission europ\u00e9enne met \u00e0 disposition une plateforme de r\u00e8glement en ligne des litiges (RLL) <a href=\"https:\/\/ec.europa.eu\/consumers\/odr\" target=\"_blank\" rel=\"noopener noreferrer\">: https:\/\/ec.europa.eu\/consumers\/odr.<\/a><br \/>\nVous trouverez notre adresse \u00e9lectronique dans les mentions l\u00e9gales ci-dessus.<\/p>\n<h2>R\u00e8glement des litiges de consommation\/organe universel de conciliation<\/h2>\n<p>Nous ne sommes pas pr\u00eats ou oblig\u00e9s de participer \u00e0 des proc\u00e9dures de r\u00e8glement des litiges devant un organisme de conciliation des consommateurs.<\/p>\n<h3>Responsabilit\u00e9 du contenu<\/h3>\n<p>En tant que prestataire de services, nous sommes tenus, conform\u00e9ment au \u00a7 7 al.1 TMG pour ses propres contenus sur ces pages selon les lois g\u00e9n\u00e9rales. Selon les \u00a7\u00a7 8 \u00e0 10 de la loi allemande sur les m\u00e9dias \u00e9lectroniques (TMG), nous ne sommes toutefois pas tenus, en tant que prestataire de services, de surveiller les informations externes transmises ou enregistr\u00e9es ou de rechercher des circonstances indiquant une activit\u00e9 ill\u00e9gale.<\/p>\n<p>Les obligations de supprimer ou de bloquer l&rsquo;utilisation d&rsquo;informations conform\u00e9ment aux lois g\u00e9n\u00e9rales restent inchang\u00e9es. Une responsabilit\u00e9 \u00e0 cet \u00e9gard n&rsquo;est toutefois possible qu&rsquo;\u00e0 partir du moment o\u00f9 une violation concr\u00e8te de la loi est connue. D\u00e8s que nous aurons connaissance de telles violations, nous retirerons imm\u00e9diatement ces contenus.<\/p>\n<h3>Responsabilit\u00e9 pour les liens<\/h3>\n<p>Notre offre contient des liens vers des sites web externes de tiers, sur le contenu desquels nous n&rsquo;avons aucune influence. C&rsquo;est pourquoi nous ne pouvons pas non plus nous porter garants de ces contenus \u00e9trangers. Le fournisseur ou l&rsquo;exploitant des pages li\u00e9es est toujours responsable du contenu de ces pages. Les pages li\u00e9es ont \u00e9t\u00e9 v\u00e9rifi\u00e9es au moment de la cr\u00e9ation du lien afin de s&rsquo;assurer qu&rsquo;elles n&rsquo;enfreignaient pas la loi. Aucun contenu ill\u00e9gal n&rsquo;a \u00e9t\u00e9 identifi\u00e9 au moment de la cr\u00e9ation des liens.<\/p>\n<p>Un contr\u00f4le permanent du contenu des pages li\u00e9es n&rsquo;est toutefois pas exigible sans indices concrets d&rsquo;une violation de la loi. D\u00e8s que nous aurons connaissance de violations de la loi, nous supprimerons imm\u00e9diatement de tels liens.<\/p>\n<h3>Droit d&rsquo;auteur<\/h3>\n<p>Les contenus et \u0153uvres cr\u00e9\u00e9s par les exploitants de ces pages sont soumis au droit d&rsquo;auteur allemand. La reproduction, le traitement, la diffusion et toute forme d&rsquo;exploitation en dehors des limites du droit d&rsquo;auteur requi\u00e8rent l&rsquo;accord \u00e9crit de l&rsquo;auteur ou du cr\u00e9ateur concern\u00e9. Les t\u00e9l\u00e9chargements et les copies de cette page ne sont autoris\u00e9s que pour un usage priv\u00e9 et non commercial.<\/p>\n<p>Dans la mesure o\u00f9 les contenus de ce site n&rsquo;ont pas \u00e9t\u00e9 cr\u00e9\u00e9s par l&rsquo;exploitant, les droits d&rsquo;auteur de tiers sont respect\u00e9s. En particulier, les contenus de tiers sont identifi\u00e9s comme tels. Si vous deviez n\u00e9anmoins constater une violation des droits d&rsquo;auteur, nous vous prions de nous en informer. D\u00e8s que nous aurons connaissance d&rsquo;une violation de la loi, nous supprimerons imm\u00e9diatement de tels contenus.<\/p>\n<\/div><\/div><\/div><\/div><\/div>","protected":false},"excerpt":{"rendered":"","protected":false},"author":1,"featured_media":0,"parent":0,"menu_order":0,"comment_status":"closed","ping_status":"closed","template":"","meta":{"footnotes":""},"class_list":["post-6048","page","type-page","status-publish","hentry"],"_links":{"self":[{"href":"https:\/\/www.korbwerk.de\/fr\/wp-json\/wp\/v2\/pages\/6048","targetHints":{"allow":["GET"]}}],"collection":[{"href":"https:\/\/www.korbwerk.de\/fr\/wp-json\/wp\/v2\/pages"}],"about":[{"href":"https:\/\/www.korbwerk.de\/fr\/wp-json\/wp\/v2\/types\/page"}],"author":[{"embeddable":true,"href":"https:\/\/www.korbwerk.de\/fr\/wp-json\/wp\/v2\/users\/1"}],"replies":[{"embeddable":true,"href":"https:\/\/www.korbwerk.de\/fr\/wp-json\/wp\/v2\/comments?post=6048"}],"version-history":[{"count":9,"href":"https:\/\/www.korbwerk.de\/fr\/wp-json\/wp\/v2\/pages\/6048\/revisions"}],"predecessor-version":[{"id":7627,"href":"https:\/\/www.korbwerk.de\/fr\/wp-json\/wp\/v2\/pages\/6048\/revisions\/7627"}],"wp:attachment":[{"href":"https:\/\/www.korbwerk.de\/fr\/wp-json\/wp\/v2\/media?parent=6048"}],"curies":[{"name":"wp","href":"https:\/\/api.w.org\/{rel}","templated":true}]}}